{"id":215,"date":"2024-08-20T19:33:15","date_gmt":"2024-08-20T18:33:15","guid":{"rendered":"https:\/\/po.msmt.cz\/?page_id=215"},"modified":"2024-11-25T10:13:18","modified_gmt":"2024-11-25T09:13:18","slug":"prohlaseni-o-pristupnosti","status":"publish","type":"page","link":"https:\/\/isv.gov.cz\/en\/prohlaseni-o-pristupnosti\/","title":{"rendered":"Accessibility Statement"},"content":{"rendered":"<p>Ministerstvo \u0161kolstv\u00ed, ml\u00e1de\u017ee a t\u011blov\u00fdchovy se zavazuje ke zp\u0159\u00edstupn\u011bn\u00ed obsahu sv\u00fdch internetov\u00fdch str\u00e1nek v souladu se z\u00e1konem \u010d. 99\/2019 Sb., o p\u0159\u00edstupnosti internetov\u00fdch str\u00e1nek a mobiln\u00edch aplikac\u00ed a o zm\u011bn\u011b z\u00e1kona \u010d. 365\/2000 Sb., o informa\u010dn\u00edch syst\u00e9mech ve\u0159ejn\u00e9 spr\u00e1vy a o zm\u011bn\u011b n\u011bkter\u00fdch dal\u0161\u00edch z\u00e1kon\u016f, ve zn\u011bn\u00ed pozd\u011bj\u0161\u00edch p\u0159edpis\u016f, kter\u00fd prov\u00e1d\u00ed Sm\u011brnici Evropsk\u00e9ho parlamentu a Rady (EU) 2016\/2102 ze dne 26. \u0159\u00edjna 2016, o p\u0159\u00edstupnosti internetov\u00fdch str\u00e1nek a mobiln\u00edch aplikac\u00ed.&nbsp;<\/p>\n\n\n\n<p>Toto prohl\u00e1\u0161en\u00ed o p\u0159\u00edstupnosti se vztahuje na internetov\u00e9 str\u00e1nky isv.gov.cz.\u00a0<\/p>\n\n\n\n<h3 class=\"wp-block-heading\">Stav souladu&nbsp;<\/h3>\n\n\n\n<p>Tyto internetov\u00e9 str\u00e1nky jsou pln\u011b v souladu se z\u00e1konem \u010d. 99\/2019 Sb., o p\u0159\u00edstupnosti internetov\u00fdch str\u00e1nek a mobiln\u00edch aplikac\u00ed a o zm\u011bn\u011b z\u00e1kona \u010d. 365\/2000 Sb., o informa\u010dn\u00edch syst\u00e9mech ve\u0159ejn\u00e9 spr\u00e1vy a o zm\u011bn\u011b n\u011bkter\u00fdch dal\u0161\u00edch z\u00e1kon\u016f, ve zn\u011bn\u00ed pozd\u011bj\u0161\u00edch p\u0159edpis\u016f.&nbsp;<\/p>\n\n\n\n<h3 class=\"wp-block-heading\">Informace prezentovan\u00e9 v jin\u00fdch form\u00e1tech&nbsp;<\/h3>\n\n\n\n<p>N\u011bkter\u00e9 informace na tomto webu jsou nab\u00edzeny v podob\u011b dokument\u016f r\u016fzn\u00fdch form\u00e1t\u016f&nbsp;&nbsp;<\/p>\n\n\n\n<ul class=\"wp-block-list\">\n<li>PDF \u2013 Pro zobrazen\u00ed takov\u00fdch dokument\u016f je t\u0159eba m\u00edt nainstalovan\u00fd prohl\u00ed\u017ee\u010d Adobe Acrobat Reader, kter\u00fd je zdarma ke sta\u017een\u00ed z internetov\u00e9ho serveru spole\u010dnosti Adobe. P\u0159\u00edpadn\u011b n\u011bkter\u00fd z alternativn\u00edch prohl\u00ed\u017ee\u010d\u016f (Foxit Reader, PDF-XChange Viewer atd).&nbsp;&nbsp;<\/li>\n\n\n\n<li>MS Office (.DOC\/.DOCX, .XLS\/XLSX, .PPT\/.PPTX, .ODT, .ODS a podobn\u00fdch) \u2013 Pro zobrazen\u00ed tohoto obsahuje je mo\u017en\u00e9 vyu\u017e\u00edt n\u00e1stroj\u016f MS Office, Libre Office, Open Office apod. V n\u011bkter\u00fdch p\u0159\u00edpadech se mohou zobrazovat p\u0159\u00edmo v prohl\u00ed\u017ee\u010di v p\u0159\u00edstupn\u00e9 form\u011b.&nbsp;<\/li>\n\n\n\n<li>ZIP \u2013 N\u011bkter\u00e9 dokumenty mohou b\u00fdt z d\u016fvodu velikosti komprimov\u00e1ny. Pro jejich otev\u0159en\u00ed je mo\u017en\u00e9 pou\u017e\u00edt \u0159adu voln\u011b dostupn\u00fdch n\u00e1stroj\u016f, nap\u0159. 7-Zip.&nbsp;<\/li>\n<\/ul>\n\n\n\n<h3 class=\"wp-block-heading\">Vypracov\u00e1n\u00ed tohoto prohl\u00e1\u0161en\u00ed o p\u0159\u00edstupnosti&nbsp;<\/h3>\n\n\n\n<p>Toto prohl\u00e1\u0161en\u00ed bylo vypracov\u00e1no dne 31.8.2023.&nbsp;<\/p>\n\n\n\n<p>Prohl\u00e1\u0161en\u00ed bylo vypracov\u00e1no posouzen\u00edm proveden\u00fdm t\u0159et\u00ed stranou \u2013 zpracovatelem t\u011bchto internetov\u00fdch str\u00e1nek firmou CCA Group a.s.&nbsp;<\/p>\n\n\n\n<h3 class=\"wp-block-heading\">Zp\u011btn\u00e1 vazba a kontaktn\u00ed \u00fadaje&nbsp;<\/h3>\n\n\n\n<p>Va\u0161e n\u00e1m\u011bty \u010di informace o probl\u00e9mech p\u0159i zobrazov\u00e1n\u00ed str\u00e1nek, stejn\u011b jako dotazy, n\u00e1vrhy nebo p\u0159ipom\u00ednky t\u00fdkaj\u00edc\u00ed se obsahu webu \u010di d\u016fvodn\u00e9ho podez\u0159en\u00ed, \u017ee webov\u00e1 str\u00e1nka nespl\u0148uje po\u017eadavky z\u00e1kona \u010d. 99\/2019 Sb., ve zn\u011bn\u00ed pozd\u011bj\u0161\u00edch p\u0159edpis\u016f, v\u010detn\u011b mo\u017enosti podat podn\u011bt v\u016f\u010di p\u0159\u00edslu\u0161n\u00fdm st\u00e1tn\u00edm org\u00e1n\u016fm, m\u016f\u017eete ps\u00e1t na adresu: posta@msmt.cz.&nbsp;<\/p>\n\n\n\n<h3 class=\"wp-block-heading\">Postup pro prosazov\u00e1n\u00ed pr\u00e1va&nbsp;<\/h3>\n\n\n\n<p>V p\u0159\u00edpad\u011b neuspokojiv\u00e9 odpov\u011bdi na ozn\u00e1men\u00ed nebo \u017e\u00e1dost zaslanou v souladu s \u010dl. 7 odst. 1 p\u00edsm. b) sm\u011brnice o p\u0159\u00edstupnosti internetov\u00fdch str\u00e1nek a mobiln\u00edch aplikac\u00ed kontaktujte p\u0159\u00edslu\u0161n\u00fd org\u00e1n pro prosazov\u00e1n\u00ed pr\u00e1va:&nbsp;<\/p>\n\n\n\n<p>Digit\u00e1ln\u00ed a informa\u010dn\u00ed agentura (DIA)&nbsp;<br>Na V\u00e1pence 915\/14<br>130 00 Praha 3&nbsp;<br>e-mail: pristupnost@dia.gov.cz&nbsp;<\/p>","protected":false},"excerpt":{"rendered":"<p>Ministerstvo \u0161kolstv\u00ed, ml\u00e1de\u017ee a t\u011blov\u00fdchovy se zavazuje ke zp\u0159\u00edstupn\u011bn\u00ed obsahu sv\u00fdch internetov\u00fdch str\u00e1nek v souladu se z\u00e1konem \u010d. 99\/2019 Sb., o p\u0159\u00edstupnosti internetov\u00fdch str\u00e1nek a mobiln\u00edch aplikac\u00ed a o zm\u011bn\u011b z\u00e1kona \u010d. 365\/2000 Sb., o informa\u010dn\u00edch syst\u00e9mech ve\u0159ejn\u00e9 spr\u00e1vy a o zm\u011bn\u011b n\u011bkter\u00fdch dal\u0161\u00edch z\u00e1kon\u016f, ve zn\u011bn\u00ed pozd\u011bj\u0161\u00edch p\u0159edpis\u016f, kter\u00fd prov\u00e1d\u00ed Sm\u011brnici Evropsk\u00e9ho parlamentu a&hellip;&nbsp;<a href=\"https:\/\/isv.gov.cz\/en\/prohlaseni-o-pristupnosti\/\" class=\"\" rel=\"bookmark\">Read More &raquo;<span class=\"screen-reader-text\">Accessibility Statement<\/span><\/a><\/p>","protected":false},"author":1,"featured_media":0,"parent":0,"menu_order":0,"comment_status":"closed","ping_status":"closed","template":"","meta":{"neve_meta_sidebar":"","neve_meta_container":"","neve_meta_enable_content_width":"","neve_meta_content_width":0,"neve_meta_title_alignment":"","neve_meta_author_avatar":"","neve_post_elements_order":"","neve_meta_disable_header":"","neve_meta_disable_footer":"","neve_meta_disable_title":"","_themeisle_gutenberg_block_has_review":false,"_ti_tpc_template_sync":false,"_ti_tpc_template_id":"","footnotes":""},"class_list":["post-215","page","type-page","status-publish","hentry"],"yoast_head":"<!-- This site is optimized with the Yoast SEO plugin v20.3 - https:\/\/yoast.com\/wordpress\/plugins\/seo\/ -->\n<title>Prohl\u00e1\u0161en\u00ed o p\u0159\u00edstupnosti - eEdu port\u00e1l<\/title>\n<meta name=\"robots\" content=\"index, follow, max-snippet:-1, max-image-preview:large, max-video-preview:-1\" \/>\n<link rel=\"canonical\" href=\"https:\/\/isv.gov.cz\/en\/prohlaseni-o-pristupnosti\/\" \/>\n<meta property=\"og:locale\" content=\"en_GB\" \/>\n<meta property=\"og:type\" content=\"article\" \/>\n<meta property=\"og:title\" content=\"Prohl\u00e1\u0161en\u00ed o p\u0159\u00edstupnosti - eEdu port\u00e1l\" \/>\n<meta property=\"og:description\" content=\"Ministerstvo \u0161kolstv\u00ed, ml\u00e1de\u017ee a t\u011blov\u00fdchovy se zavazuje ke zp\u0159\u00edstupn\u011bn\u00ed obsahu sv\u00fdch internetov\u00fdch str\u00e1nek v souladu se z\u00e1konem \u010d. 99\/2019 Sb., o p\u0159\u00edstupnosti internetov\u00fdch str\u00e1nek a mobiln\u00edch aplikac\u00ed a o zm\u011bn\u011b z\u00e1kona \u010d. 365\/2000 Sb., o informa\u010dn\u00edch syst\u00e9mech ve\u0159ejn\u00e9 spr\u00e1vy a o zm\u011bn\u011b n\u011bkter\u00fdch dal\u0161\u00edch z\u00e1kon\u016f, ve zn\u011bn\u00ed pozd\u011bj\u0161\u00edch p\u0159edpis\u016f, kter\u00fd prov\u00e1d\u00ed Sm\u011brnici Evropsk\u00e9ho parlamentu a&hellip;&nbsp;Read More &raquo;Prohl\u00e1\u0161en\u00ed o p\u0159\u00edstupnosti\" \/>\n<meta property=\"og:url\" content=\"https:\/\/isv.gov.cz\/en\/prohlaseni-o-pristupnosti\/\" \/>\n<meta property=\"og:site_name\" content=\"eEdu port\u00e1l\" \/>\n<meta property=\"article:modified_time\" content=\"2024-11-25T09:13:18+00:00\" \/>\n<meta name=\"twitter:card\" content=\"summary_large_image\" \/>\n<meta name=\"twitter:label1\" content=\"Estimated reading time\" \/>\n\t<meta name=\"twitter:data1\" content=\"2 minutes\" \/>\n<script type=\"application\/ld+json\" class=\"yoast-schema-graph\">{\"@context\":\"https:\/\/schema.org\",\"@graph\":[{\"@type\":\"WebPage\",\"@id\":\"https:\/\/isv.gov.cz\/prohlaseni-o-pristupnosti\/\",\"url\":\"https:\/\/isv.gov.cz\/prohlaseni-o-pristupnosti\/\",\"name\":\"Prohl\u00e1\u0161en\u00ed o p\u0159\u00edstupnosti - eEdu port\u00e1l\",\"isPartOf\":{\"@id\":\"https:\/\/isv.gov.cz\/#website\"},\"datePublished\":\"2024-08-20T18:33:15+00:00\",\"dateModified\":\"2024-11-25T09:13:18+00:00\",\"breadcrumb\":{\"@id\":\"https:\/\/isv.gov.cz\/prohlaseni-o-pristupnosti\/#breadcrumb\"},\"inLanguage\":\"en-GB\",\"potentialAction\":[{\"@type\":\"ReadAction\",\"target\":[\"https:\/\/isv.gov.cz\/prohlaseni-o-pristupnosti\/\"]}]},{\"@type\":\"BreadcrumbList\",\"@id\":\"https:\/\/isv.gov.cz\/prohlaseni-o-pristupnosti\/#breadcrumb\",\"itemListElement\":[{\"@type\":\"ListItem\",\"position\":1,\"name\":\"Home\",\"item\":\"https:\/\/isv.gov.cz\/\"},{\"@type\":\"ListItem\",\"position\":2,\"name\":\"Prohl\u00e1\u0161en\u00ed o p\u0159\u00edstupnosti\"}]},{\"@type\":\"WebSite\",\"@id\":\"https:\/\/isv.gov.cz\/#website\",\"url\":\"https:\/\/isv.gov.cz\/\",\"name\":\"eEdu port\u00e1l\",\"description\":\"\",\"publisher\":{\"@id\":\"https:\/\/isv.gov.cz\/#organization\"},\"potentialAction\":[{\"@type\":\"SearchAction\",\"target\":{\"@type\":\"EntryPoint\",\"urlTemplate\":\"https:\/\/isv.gov.cz\/?s={search_term_string}\"},\"query-input\":\"required name=search_term_string\"}],\"inLanguage\":\"en-GB\"},{\"@type\":\"Organization\",\"@id\":\"https:\/\/isv.gov.cz\/#organization\",\"name\":\"eEdu port\u00e1l\",\"url\":\"https:\/\/isv.gov.cz\/\",\"logo\":{\"@type\":\"ImageObject\",\"inLanguage\":\"en-GB\",\"@id\":\"https:\/\/isv.gov.cz\/#\/schema\/logo\/image\/\",\"url\":\"\",\"contentUrl\":\"\",\"caption\":\"eEdu port\u00e1l\"},\"image\":{\"@id\":\"https:\/\/isv.gov.cz\/#\/schema\/logo\/image\/\"}}]}<\/script>\n<!-- \/ Yoast SEO plugin. -->","yoast_head_json":{"title":"Prohl\u00e1\u0161en\u00ed o p\u0159\u00edstupnosti - eEdu port\u00e1l","robots":{"index":"index","follow":"follow","max-snippet":"max-snippet:-1","max-image-preview":"max-image-preview:large","max-video-preview":"max-video-preview:-1"},"canonical":"https:\/\/isv.gov.cz\/en\/prohlaseni-o-pristupnosti\/","og_locale":"en_GB","og_type":"article","og_title":"Prohl\u00e1\u0161en\u00ed o p\u0159\u00edstupnosti - eEdu port\u00e1l","og_description":"Ministerstvo \u0161kolstv\u00ed, ml\u00e1de\u017ee a t\u011blov\u00fdchovy se zavazuje ke zp\u0159\u00edstupn\u011bn\u00ed obsahu sv\u00fdch internetov\u00fdch str\u00e1nek v souladu se z\u00e1konem \u010d. 99\/2019 Sb., o p\u0159\u00edstupnosti internetov\u00fdch str\u00e1nek a mobiln\u00edch aplikac\u00ed a o zm\u011bn\u011b z\u00e1kona \u010d. 365\/2000 Sb., o informa\u010dn\u00edch syst\u00e9mech ve\u0159ejn\u00e9 spr\u00e1vy a o zm\u011bn\u011b n\u011bkter\u00fdch dal\u0161\u00edch z\u00e1kon\u016f, ve zn\u011bn\u00ed pozd\u011bj\u0161\u00edch p\u0159edpis\u016f, kter\u00fd prov\u00e1d\u00ed Sm\u011brnici Evropsk\u00e9ho parlamentu a&hellip;&nbsp;Read More &raquo;Prohl\u00e1\u0161en\u00ed o p\u0159\u00edstupnosti","og_url":"https:\/\/isv.gov.cz\/en\/prohlaseni-o-pristupnosti\/","og_site_name":"eEdu port\u00e1l","article_modified_time":"2024-11-25T09:13:18+00:00","twitter_card":"summary_large_image","twitter_misc":{"Estimated reading time":"2 minutes"},"schema":{"@context":"https:\/\/schema.org","@graph":[{"@type":"WebPage","@id":"https:\/\/isv.gov.cz\/prohlaseni-o-pristupnosti\/","url":"https:\/\/isv.gov.cz\/prohlaseni-o-pristupnosti\/","name":"Prohl\u00e1\u0161en\u00ed o p\u0159\u00edstupnosti - eEdu port\u00e1l","isPartOf":{"@id":"https:\/\/isv.gov.cz\/#website"},"datePublished":"2024-08-20T18:33:15+00:00","dateModified":"2024-11-25T09:13:18+00:00","breadcrumb":{"@id":"https:\/\/isv.gov.cz\/prohlaseni-o-pristupnosti\/#breadcrumb"},"inLanguage":"en-GB","potentialAction":[{"@type":"ReadAction","target":["https:\/\/isv.gov.cz\/prohlaseni-o-pristupnosti\/"]}]},{"@type":"BreadcrumbList","@id":"https:\/\/isv.gov.cz\/prohlaseni-o-pristupnosti\/#breadcrumb","itemListElement":[{"@type":"ListItem","position":1,"name":"Home","item":"https:\/\/isv.gov.cz\/"},{"@type":"ListItem","position":2,"name":"Prohl\u00e1\u0161en\u00ed o p\u0159\u00edstupnosti"}]},{"@type":"WebSite","@id":"https:\/\/isv.gov.cz\/#website","url":"https:\/\/isv.gov.cz\/","name":"eEdu port\u00e1l","description":"","publisher":{"@id":"https:\/\/isv.gov.cz\/#organization"},"potentialAction":[{"@type":"SearchAction","target":{"@type":"EntryPoint","urlTemplate":"https:\/\/isv.gov.cz\/?s={search_term_string}"},"query-input":"required name=search_term_string"}],"inLanguage":"en-GB"},{"@type":"Organization","@id":"https:\/\/isv.gov.cz\/#organization","name":"eEdu port\u00e1l","url":"https:\/\/isv.gov.cz\/","logo":{"@type":"ImageObject","inLanguage":"en-GB","@id":"https:\/\/isv.gov.cz\/#\/schema\/logo\/image\/","url":"","contentUrl":"","caption":"eEdu port\u00e1l"},"image":{"@id":"https:\/\/isv.gov.cz\/#\/schema\/logo\/image\/"}}]}},"_links":{"self":[{"href":"https:\/\/isv.gov.cz\/en\/wp-json\/wp\/v2\/pages\/215","targetHints":{"allow":["GET"]}}],"collection":[{"href":"https:\/\/isv.gov.cz\/en\/wp-json\/wp\/v2\/pages"}],"about":[{"href":"https:\/\/isv.gov.cz\/en\/wp-json\/wp\/v2\/types\/page"}],"author":[{"embeddable":true,"href":"https:\/\/isv.gov.cz\/en\/wp-json\/wp\/v2\/users\/1"}],"replies":[{"embeddable":true,"href":"https:\/\/isv.gov.cz\/en\/wp-json\/wp\/v2\/comments?post=215"}],"version-history":[{"count":3,"href":"https:\/\/isv.gov.cz\/en\/wp-json\/wp\/v2\/pages\/215\/revisions"}],"predecessor-version":[{"id":266,"href":"https:\/\/isv.gov.cz\/en\/wp-json\/wp\/v2\/pages\/215\/revisions\/266"}],"wp:attachment":[{"href":"https:\/\/isv.gov.cz\/en\/wp-json\/wp\/v2\/media?parent=215"}],"curies":[{"name":"wp","href":"https:\/\/api.w.org\/{rel}","templated":true}]}}